{"id":25,"date":"2020-02-14T22:41:22","date_gmt":"2020-02-14T21:41:22","guid":{"rendered":"https:\/\/www.theater-tp.ch\/web\/?page_id=25"},"modified":"2020-02-17T12:43:22","modified_gmt":"2020-02-17T11:43:22","slug":"ueber-uns","status":"publish","type":"page","link":"https:\/\/www.theater-tp.ch\/web\/ueber-uns\/","title":{"rendered":"\u00dcber uns&#8230;"},"content":{"rendered":"<p>\n<!--StartFragment--><\/p>\n\n\n<figure class=\"wp-block-table\"><table class=\"\"><tbody><tr><td><a href=\"\/web\/ueber-uns\/vorstand\/\"><strong>Vorstand<\/strong><\/a><\/td><td><a href=\"\/web\/ueber-uns\/aktiv-mitglieder\/\"><strong>Aktive<\/strong><\/a><\/td><td><a href=\"\/web\/ueber-uns\/sponsoren\/\"><strong>Sponsoren<\/strong><\/a><\/td><td><a href=\"\/web\/ueber-uns\/kontakt\/\"><strong>Kontakt<\/strong><\/a><\/td><td><\/td><\/tr><\/tbody><\/table><\/figure>\n\n\n\n<p><br><\/p>\n\n\n\n<p><\/p>\n\n\n\n<p>Der Theaterverein \nTschiertschen-Praden wurde 1972 nach mehrj\u00e4hrigem Unterbruch von den \nDorfbewohnern Tschiertschen-Praden gegr\u00fcndet. Motivation war, den \nBewohnern und G\u00e4sten von Nah und Fern w\u00e4hrend der Wintersaison \nunterhaltsame Stunden zu bieten.<\/p>\n\n\n\n<p>Anfangs fanden die\n Vorstellungen im Speisesaal des Hotel \u201eBr\u00fcesch\u201c statt, sp\u00e4ter im Hotel \n\u201eAlpina\u201c und seit 1982 in der Mehrzweckhalle Tschiertschen.<\/p>\n\n\n\n<p>Seit dem Gr\u00fcndungsjahr \ndauert die Spielsaison traditionell von Ende Januar bis Mitte M\u00e4rz. \nW\u00e4hrend dieser Zeit findet w\u00f6chentlich jeweils am Donnerstag eine \nAuff\u00fchrung statt. Der letzte Samstag der Spielsaison ist f\u00fcr die \nDerni\u00e8re reserviert.<\/p>\n\n\n\n<p>Seit Beginn d\u00fcrfen wir auf \nviele theaterbegeisterte, motivierte Mitglieder z\u00e4hlen, die mit viel \nHerzblut bereits im Herbst mit den Proben, B\u00fchnenbild etc. anfangen, \ndamit bis ende Januar die Texte und Gags inkl. Mimik und Gestik sitzen.<\/p>\n\n\n\n<p>Besuchen Sie unsere  Vorstellung und \u00fcberzeugen Sie sich selber! Viele Lacher sind Ihnen  garantiert &#8211; wir w\u00fcrden uns freuen, Sie begr\u00fcssen zu d\u00fcrfen. <\/p>\n\n\n\n<p><\/p>\n\n\n\n<p><\/p>\n\n\n\n<p><\/p>\n\n\n\n<h4 class=\"wp-block-heading\">Wir sind Mitglied<\/h4>\n\n\n\n<ul class=\"wp-block-list\"><li>des ZSV (<a href=\"http:\/\/www.volkstheater.ch\">Zentralverband des schweizerischen Volkstheater<\/a>)<\/li><li>dem BVV (<a href=\"http:\/\/www.bvv.ch\">B\u00fcndner Verband f\u00fcr das Volkstheater<\/a>)<\/li><\/ul>\n\n\n<p><!--EndFragment--><\/p>\n\n\n<p><\/p>\n","protected":false},"excerpt":{"rendered":"<p>Vorstand Aktive Sponsoren Kontakt Der Theaterverein Tschiertschen-Praden wurde 1972 nach mehrj\u00e4hrigem Unterbruch von den Dorfbewohnern Tschiertschen-Praden gegr\u00fcndet. Motivation war, den Bewohnern und G\u00e4sten von Nah und Fern w\u00e4hrend der Wintersaison unterhaltsame Stunden zu bieten. Anfangs fanden die Vorstellungen im Speisesaal des Hotel \u201eBr\u00fcesch\u201c statt, sp\u00e4ter im Hotel \u201eAlpina\u201c und seit 1982 in der Mehrzweckhalle Tschiertschen. [&hellip;]<\/p>\n","protected":false},"author":1,"featured_media":88,"parent":0,"menu_order":1,"comment_status":"closed","ping_status":"closed","template":"","meta":{"ngg_post_thumbnail":0,"footnotes":""},"class_list":["post-25","page","type-page","status-publish","has-post-thumbnail","hentry"],"_links":{"self":[{"href":"https:\/\/www.theater-tp.ch\/web\/wp-json\/wp\/v2\/pages\/25","targetHints":{"allow":["GET"]}}],"collection":[{"href":"https:\/\/www.theater-tp.ch\/web\/wp-json\/wp\/v2\/pages"}],"about":[{"href":"https:\/\/www.theater-tp.ch\/web\/wp-json\/wp\/v2\/types\/page"}],"author":[{"embeddable":true,"href":"https:\/\/www.theater-tp.ch\/web\/wp-json\/wp\/v2\/users\/1"}],"replies":[{"embeddable":true,"href":"https:\/\/www.theater-tp.ch\/web\/wp-json\/wp\/v2\/comments?post=25"}],"version-history":[{"count":5,"href":"https:\/\/www.theater-tp.ch\/web\/wp-json\/wp\/v2\/pages\/25\/revisions"}],"predecessor-version":[{"id":1698,"href":"https:\/\/www.theater-tp.ch\/web\/wp-json\/wp\/v2\/pages\/25\/revisions\/1698"}],"wp:featuredmedia":[{"embeddable":true,"href":"https:\/\/www.theater-tp.ch\/web\/wp-json\/wp\/v2\/media\/88"}],"wp:attachment":[{"href":"https:\/\/www.theater-tp.ch\/web\/wp-json\/wp\/v2\/media?parent=25"}],"curies":[{"name":"wp","href":"https:\/\/api.w.org\/{rel}","templated":true}]}}